{"id":113,"date":"2024-01-18T07:53:05","date_gmt":"2024-01-18T07:53:05","guid":{"rendered":"https:\/\/svp-birmensdorf.ch\/?page_id=113"},"modified":"2025-11-22T09:11:06","modified_gmt":"2025-11-22T09:11:06","slug":"home","status":"publish","type":"page","link":"https:\/\/svp-birmensdorf.ch\/","title":{"rendered":"Home"},"content":{"rendered":"<!--themify_builder_content-->\n<div id=\"themify_builder_content-113\" data-postid=\"113\" class=\"themify_builder_content themify_builder_content-113 themify_builder tf_clear\">\n                    <div  data-lazy=\"1\" class=\"module_row themify_builder_row tb_ddra504 tb_first tf_w\">\n            <span class=\"tb_row_frame_wrap tf_overflow tf_abs\" data-lazy=\"1\"><span class=\"tb_row_frame tb_row_frame_bottom  tf_abs tf_hide tf_overflow tf_w\"><\/span><\/span>            <div class=\"row_inner col_align_top tb_col_count_1 tf_box tf_rel\">\n                        <div  data-lazy=\"1\" class=\"module_column tb-column col-full tb_eqs7504 first\">\n                    <!-- module fancy heading -->\n<div  class=\"module module-fancy-heading tb_30ys648 \" data-lazy=\"1\">\n        <h2 class=\"fancy-heading tf_textc\">\n    <span class=\"main-head tf_block\">\n                    Wichtiges zum EU \"Rahmenvertrag\"            <\/span>\n\n    \n    <span class=\"sub-head tf_block tf_rel\">\n                    Downloads mit allen Details. Es geht um die Zukunft der Schweiz.            <\/span>\n    <\/h2>\n<\/div>\n<!-- \/module fancy heading -->\n        <div  data-lazy=\"1\" class=\"module_subrow themify_builder_sub_row tf_w col_align_top tb_col_count_3 tb_hqan326\">\n                <div  data-lazy=\"1\" class=\"module_column sub_column col3-1 tb_gi57326 first\">\n                    <!-- module feature -->\n<div  class=\"module module-feature tb_gwl0310 with-chart layout-icon-left size-custom \" data-layout-mobile=\"icon-left\" data-layout-desktop=\"icon-left\" data-lazy=\"1\">\n        <div class=\"module-feature-image tf_textc tf_rel\">\n                            <a href=\"https:\/\/svp-birmensdorf.ch\/wp-content\/uploads\/2025\/11\/2025_1_EU-Rahmenvertrag.pdf\">\n                        <span class=\"module-feature-chart-html5 tf_box tf_rel tf_inline_b\" style=\"width:50px;height:50px;\">\n                                    <svg class=\"tf_abs tf_w tf_h\">\n                    <circle class=\"tb_feature_fill\" r=\"calc(50% - 1.50px)\" cx=\"50%\" cy=\"50%\" stroke-width=\"3\"\/>\n                    <circle class=\"tb_feature_stroke\" r=\"calc(50% - 1.50px)\" cx=\"50%\" cy=\"50%\" stroke=\"#03a14e\" stroke-width=\"3\" data-progress=\"100\" stroke-dasharray=\"0,10000\"\/>\n                                        <\/svg>\n                                <span class=\"chart-html5-circle tf_w tf_h\">\n                                            <em class=\"module-feature-icon tf_rel\" style=\"color:#03a14e\"><svg  class=\"tf_fa tf-la-readme\" xmlns:xlink=\"http:\/\/www.w3.org\/1999\/xlink\" aria-hidden=\"true\"><use href=\"#tf-la-readme\" xlink:href=\"#tf-la-readme\"><\/use><\/svg><\/em>\n                                    <\/span>\n\n                \n            <\/span>\n                        <\/a>\n            <\/div>\n    <div class=\"module-feature-content tf_textc\">\n                    <h3 class=\"module-feature-title\">\n                            <a href=\"https:\/\/svp-birmensdorf.ch\/wp-content\/uploads\/2025\/11\/2025_1_EU-Rahmenvertrag.pdf\">Wie schlimm ist der EU Monster Vertrag?<\/a>\n                        <\/h3>\n                    <div class=\"tb_text_wrap\">\n            <p>2200 Seiten, welche die direkte Demokratie aufl\u00f6sen und Milliarden-Zahlungen nach Br\u00fcssel ausl\u00f6sen.\u00a0<\/p>        <\/div>\n    <\/div>\n<\/div>\n<!-- \/module feature -->\n        <\/div>\n                    <div  data-lazy=\"1\" class=\"module_column sub_column col3-1 tb_r1ei326\">\n                    <!-- module feature -->\n<div  class=\"module module-feature tb_g2on499 with-chart layout-icon-left size-custom \" data-layout-mobile=\"icon-left\" data-layout-desktop=\"icon-left\" data-lazy=\"1\">\n        <div class=\"module-feature-image tf_textc tf_rel\">\n                            <a href=\"https:\/\/svp-birmensdorf.ch\/wp-content\/uploads\/2025\/11\/2025_3_Nachteile-div.-Abkommen.pdf\">\n                        <span class=\"module-feature-chart-html5 tf_box tf_rel tf_inline_b\" style=\"width:50px;height:50px;\">\n                                    <svg class=\"tf_abs tf_w tf_h\">\n                    <circle class=\"tb_feature_fill\" r=\"calc(50% - 1.50px)\" cx=\"50%\" cy=\"50%\" stroke-width=\"3\"\/>\n                    <circle class=\"tb_feature_stroke\" r=\"calc(50% - 1.50px)\" cx=\"50%\" cy=\"50%\" stroke=\"#03a14e\" stroke-width=\"3\" data-progress=\"100\" stroke-dasharray=\"0,10000\"\/>\n                                        <\/svg>\n                                <span class=\"chart-html5-circle tf_w tf_h\">\n                                            <em class=\"module-feature-icon tf_rel\" style=\"color:#03a14e\"><svg  class=\"tf_fa tf-la-readme\" xmlns:xlink=\"http:\/\/www.w3.org\/1999\/xlink\" aria-hidden=\"true\"><use href=\"#tf-la-readme\" xlink:href=\"#tf-la-readme\"><\/use><\/svg><\/em>\n                                    <\/span>\n\n                \n            <\/span>\n                        <\/a>\n            <\/div>\n    <div class=\"module-feature-content tf_textc\">\n                    <h3 class=\"module-feature-title\">\n                            <a href=\"https:\/\/svp-birmensdorf.ch\/wp-content\/uploads\/2025\/11\/2025_3_Nachteile-div.-Abkommen.pdf\">Die Vertr\u00e4ge und Ihre gravierenden Nachteile<\/a>\n                        <\/h3>\n                    <div class=\"tb_text_wrap\">\n            <p>Was die Regulierungswut der EU konkret bedeutet in allen Bereichen.<\/p>        <\/div>\n    <\/div>\n<\/div>\n<!-- \/module feature -->\n        <\/div>\n                    <div  data-lazy=\"1\" class=\"module_column sub_column col3-1 tb_qbsc603 last\">\n                    <!-- module feature -->\n<div  class=\"module module-feature tb_skkt308 with-chart layout-icon-left size-custom \" data-layout-mobile=\"icon-left\" data-layout-desktop=\"icon-left\" data-lazy=\"1\">\n        <div class=\"module-feature-image tf_textc tf_rel\">\n                            <a href=\"https:\/\/svp-birmensdorf.ch\/wp-content\/uploads\/2025\/11\/2025_2_Auswirk.bei-Uebernahme-EU-Richtlinien-fuer-die-Schweiz.pdf\">\n                        <span class=\"module-feature-chart-html5 tf_box tf_rel tf_inline_b\" style=\"width:50px;height:50px;\">\n                                    <svg class=\"tf_abs tf_w tf_h\">\n                    <circle class=\"tb_feature_fill\" r=\"calc(50% - 1.50px)\" cx=\"50%\" cy=\"50%\" stroke-width=\"3\"\/>\n                    <circle class=\"tb_feature_stroke\" r=\"calc(50% - 1.50px)\" cx=\"50%\" cy=\"50%\" stroke=\"#03a14e\" stroke-width=\"3\" data-progress=\"100\" stroke-dasharray=\"0,10000\"\/>\n                                        <\/svg>\n                                <span class=\"chart-html5-circle tf_w tf_h\">\n                                            <em class=\"module-feature-icon tf_rel\" style=\"color:#03a14e\"><svg  class=\"tf_fa tf-la-readme\" xmlns:xlink=\"http:\/\/www.w3.org\/1999\/xlink\" aria-hidden=\"true\"><use href=\"#tf-la-readme\" xlink:href=\"#tf-la-readme\"><\/use><\/svg><\/em>\n                                    <\/span>\n\n                \n            <\/span>\n                        <\/a>\n            <\/div>\n    <div class=\"module-feature-content tf_textc\">\n                    <h3 class=\"module-feature-title\">\n                            <a href=\"https:\/\/svp-birmensdorf.ch\/wp-content\/uploads\/2025\/11\/2025_2_Auswirk.bei-Uebernahme-EU-Richtlinien-fuer-die-Schweiz.pdf\">Institutionelle Elemente im Paket<\/a>\n                        <\/h3>\n                    <div class=\"tb_text_wrap\">\n            <p>Auswirkungen und Gefahren f\u00fcr die schweizerische Verfassungsordnung<\/p>        <\/div>\n    <\/div>\n<\/div>\n<!-- \/module feature -->\n        <\/div>\n                    <\/div>\n                <\/div>\n                        <\/div>\n        <\/div>\n                        <div  data-lazy=\"1\" class=\"module_row themify_builder_row tb_j35r493 tf_w\">\n                        <div class=\"row_inner col_align_top tb_col_count_2 tf_box tf_rel\">\n                        <div  data-lazy=\"1\" class=\"module_column tb-column col4-2 tb_9ste493 first\">\n                    <!-- module fancy heading -->\n<div  class=\"module module-fancy-heading tb_4x0s446 \" data-lazy=\"1\">\n        <h2 class=\"fancy-heading tf_textc\">\n    <span class=\"main-head tf_block\">\n                    Termine            <\/span>\n\n    \n    <span class=\"sub-head tf_block tf_rel\">\n                                <\/span>\n    <\/h2>\n<\/div>\n<!-- \/module fancy heading -->\n<!-- module post -->\n<div  class=\"module module-post tb_9p0e319 \">\n    <div  class=\"builder-posts-wrap loops-wrapper event list-thumb-image tf_clear tf_clearfix\" data-lazy=\"1\">\n    <article id=\"post-538\" class=\"post tf_clearfix post-538 event type-event status-publish has-post-thumbnail hentry event-category-event event-tag-generalversammlung has-post-title no-post-date has-post-category has-post-tag has-post-comment has-post-author  tep_upcoming_event\">\n\t    \n\t                <figure class=\"post-image tf_clearfix\">\n                                                            <a href=\"https:\/\/svp-birmensdorf.ch\/index.php\/event\/generalversammlung-der-svp-birmensdorf-2\/\">\n                                        <img loading=\"lazy\" decoding=\"async\" width=\"629\" height=\"640\" src=\"https:\/\/svp-birmensdorf.ch\/wp-content\/uploads\/2024\/01\/general_vote.png\" class=\"wp-post-image wp-image-190\" title=\"general_vote\" alt=\"general_vote\" srcset=\"https:\/\/svp-birmensdorf.ch\/wp-content\/uploads\/2024\/01\/general_vote.png 629w, https:\/\/svp-birmensdorf.ch\/wp-content\/uploads\/2024\/01\/general_vote-295x300.png 295w, https:\/\/svp-birmensdorf.ch\/wp-content\/uploads\/2024\/01\/general_vote-300x305.png 300w, https:\/\/svp-birmensdorf.ch\/wp-content\/uploads\/2024\/01\/general_vote-200x203.png 200w, https:\/\/svp-birmensdorf.ch\/wp-content\/uploads\/2024\/01\/general_vote-50x50.png 50w, https:\/\/svp-birmensdorf.ch\/wp-content\/uploads\/2024\/01\/general_vote-400x406.png 400w, https:\/\/svp-birmensdorf.ch\/wp-content\/uploads\/2024\/01\/general_vote-150x152.png 150w, https:\/\/svp-birmensdorf.ch\/wp-content\/uploads\/2024\/01\/general_vote-100x101.png 100w\" sizes=\"auto, (max-width: 629px) 100vw, 629px\" \/>                                                                    <\/a>\n                                                                <\/figure>\n                    \t<div class=\"post-content\">\n\t\t<div class=\"post-content-inner\">\n\n\t\t\t\n\t\t\t<h2 class=\"post-title entry-title\"><a href=\"https:\/\/svp-birmensdorf.ch\/index.php\/event\/generalversammlung-der-svp-birmensdorf-2\/\">104. Generalversammlung der SVP Birmensdorf &amp; Apero<\/a><\/h2>\n\t\t\t\t\t\t\t<p class=\"post-meta entry-meta\">\n\t\t\t\t\t\t\t\t\t\t\t<span class=\"post-author\"><span class=\"author vcard\"><a class=\"url fn n\" href=\"https:\/\/svp-birmensdorf.ch\/index.php\/author\/maggeler\/\" rel=\"author\">admin<\/a><\/span><\/span>\n\t\t\t\t\t\n\t\t\t\t\t<span class=\"post-category\"><a href=\"https:\/\/svp-birmensdorf.ch\/index.php\/event-category\/event\/\" rel=\"tag\" class=\"term-event\">Event<\/a><\/span>\n\t\t\t\t\t\t\t\t\t\t\t\t\t\t\t\t\n\t\t\t\t\t        <span class=\"post-comment\">\n        <a href=\"https:\/\/svp-birmensdorf.ch\/index.php\/event\/generalversammlung-der-svp-birmensdorf-2\/#respond\">0<\/a><svg  class=\"tf_fa tf-fas-comment\" xmlns:xlink=\"http:\/\/www.w3.org\/1999\/xlink\" aria-hidden=\"true\"><use href=\"#tf-fas-comment\" xlink:href=\"#tf-fas-comment\"><\/use><\/svg>        <\/span>\n        \t\t\t\t<\/p>\n\t\t\t\t<!-- \/post-meta -->\n\t\t\t\n\t\t\t\n\t\t\t        <div class=\"entry-content\">\n\n        \n            <p>Liebe Parteimitglieder<br \/>\nWir laden Sie herzlich ein zur 104. Generalversammlung der SVP Birmensdorf inkl. Apero.<\/p>\n<p>Donnerstag, 16. April 2026, 19:30 Uhr<br \/>\nSch\u00fctzenhaus FSV Birmensdorf, 8903 Birmensdorf<\/p>\n\n                \n            \n        <\/div><!-- \/.entry-content -->\n        \n\t\t<\/div>\n\t\t<!-- \/.post-content-inner -->\n\t<\/div>\n\t<!-- \/.post-content -->\n\t\n<\/article>\n<!-- \/.post -->\n<article id=\"post-404\" class=\"post tf_clearfix post-404 event type-event status-publish has-post-thumbnail hentry has-post-title no-post-date has-post-category has-post-tag has-post-comment has-post-author  tep_upcoming_event\">\n\t    \n\t                <figure class=\"post-image tf_clearfix\">\n                                                            <a href=\"https:\/\/svp-birmensdorf.ch\/index.php\/event\/die-svp-birmensdorf-laedt-zum-grill-3\/\">\n                                        <img loading=\"lazy\" decoding=\"async\" width=\"283\" height=\"187\" src=\"https:\/\/svp-birmensdorf.ch\/wp-content\/uploads\/2024\/01\/SVP_dt_cmyk_SchweizerQual.svg\" class=\"wp-post-image wp-image-9\" title=\"SVP_dt_cmyk_SchweizerQual\" alt=\"SVP_dt_cmyk_SchweizerQual\">                                                                    <\/a>\n                                                                <\/figure>\n                    \t<div class=\"post-content\">\n\t\t<div class=\"post-content-inner\">\n\n\t\t\t\n\t\t\t<h2 class=\"post-title entry-title\"><a href=\"https:\/\/svp-birmensdorf.ch\/index.php\/event\/die-svp-birmensdorf-laedt-zum-grill-3\/\">Einladung zum Podium Bonstetten im Gemeindesaal<\/a><\/h2>\n\t\t\t\t\t\t\t<p class=\"post-meta entry-meta\">\n\t\t\t\t\t\t\t\t\t\t\t<span class=\"post-author\"><span class=\"author vcard\"><a class=\"url fn n\" href=\"https:\/\/svp-birmensdorf.ch\/index.php\/author\/maggeler\/\" rel=\"author\">admin<\/a><\/span><\/span>\n\t\t\t\t\t\n\t\t\t\t\t\n\t\t\t\t\t\t\t\t\t\t\t\t\t\t\t\t\n\t\t\t\t\t        <span class=\"post-comment\">\n        <a href=\"https:\/\/svp-birmensdorf.ch\/index.php\/event\/die-svp-birmensdorf-laedt-zum-grill-3\/#respond\">0<\/a><svg  class=\"tf_fa tf-fas-comment\" xmlns:xlink=\"http:\/\/www.w3.org\/1999\/xlink\" aria-hidden=\"true\"><use href=\"#tf-fas-comment\" xlink:href=\"#tf-fas-comment\"><\/use><\/svg>        <\/span>\n        \t\t\t\t<\/p>\n\t\t\t\t<!-- \/post-meta -->\n\t\t\t\n\t\t\t\n\t\t\t        <div class=\"entry-content\">\n\n        \n            <p>Die SVP Birmensdorf l\u00e4dt sie herzlich zum diesj\u00e4hrigen Polit-Grill am Samstag, den 5.10.24, in der Waldh\u00fctte Ettenberg ein.<\/p>\n\n                \n            \n        <\/div><!-- \/.entry-content -->\n        \n\t\t<\/div>\n\t\t<!-- \/.post-content-inner -->\n\t<\/div>\n\t<!-- \/.post-content -->\n\t\n<\/article>\n<!-- \/.post -->\n    <\/div><!-- .builder-posts-wrap -->\n            <\/div>\n<!-- \/module post -->\n            <\/div>\n                    <div  data-lazy=\"1\" class=\"module_column tb-column col4-2 tb_qc3n493 last\">\n                    <!-- module fancy heading -->\n<div  class=\"module module-fancy-heading tb_xz5s748 \" data-lazy=\"1\">\n        <h2 class=\"fancy-heading tf_textc\">\n    <span class=\"main-head tf_block\">\n                    News            <\/span>\n\n    \n    <span class=\"sub-head tf_block tf_rel\">\n                                <\/span>\n    <\/h2>\n<\/div>\n<!-- \/module fancy heading -->\n<!-- module post -->\n<div  class=\"module module-post tb_mepr493 \">\n    <div  class=\"builder-posts-wrap loops-wrapper list-thumb-image classic tf_clear tf_clearfix\" data-lazy=\"1\">\n    <article id=\"post-545\" class=\"post tf_clearfix post-545 type-post status-publish format-standard has-post-thumbnail hentry category-wahlen has-post-title has-post-date has-post-category has-post-tag has-post-comment has-post-author \">\n\t    \n\t                <figure class=\"post-image tf_clearfix\">\n                                                            <a href=\"https:\/\/svp-birmensdorf.ch\/index.php\/2026\/03\/01\/abstimmungen-3-maerz-2024-2\/\">\n                                        <img loading=\"lazy\" decoding=\"async\" width=\"629\" height=\"640\" src=\"https:\/\/svp-birmensdorf.ch\/wp-content\/uploads\/2024\/01\/general_vote.png\" class=\"wp-post-image wp-image-190\" title=\"general_vote\" alt=\"general_vote\" srcset=\"https:\/\/svp-birmensdorf.ch\/wp-content\/uploads\/2024\/01\/general_vote.png 629w, https:\/\/svp-birmensdorf.ch\/wp-content\/uploads\/2024\/01\/general_vote-295x300.png 295w, https:\/\/svp-birmensdorf.ch\/wp-content\/uploads\/2024\/01\/general_vote-300x305.png 300w, https:\/\/svp-birmensdorf.ch\/wp-content\/uploads\/2024\/01\/general_vote-200x203.png 200w, https:\/\/svp-birmensdorf.ch\/wp-content\/uploads\/2024\/01\/general_vote-50x50.png 50w, https:\/\/svp-birmensdorf.ch\/wp-content\/uploads\/2024\/01\/general_vote-400x406.png 400w, https:\/\/svp-birmensdorf.ch\/wp-content\/uploads\/2024\/01\/general_vote-150x152.png 150w, https:\/\/svp-birmensdorf.ch\/wp-content\/uploads\/2024\/01\/general_vote-100x101.png 100w\" sizes=\"auto, (max-width: 629px) 100vw, 629px\" \/>                                                                    <\/a>\n                                                                <\/figure>\n                    \t<div class=\"post-content\">\n\t\t<div class=\"post-content-inner\">\n\n\t\t\t\t\t\t\t\t<div class=\"post-date-wrap post-date-inline\">\n\t\t<time class=\"post-date entry-date updated\" datetime=\"2026-03-01\">\n\t\t\t\t\t<span class=\"year\">M\u00e4rz 1, 2026<\/span>\n\t\t\t\t<\/time>\n\t<\/div><!-- .post-date-wrap -->\n\t\t\t\t\n\t\t\t<h2 class=\"post-title entry-title\"><a href=\"https:\/\/svp-birmensdorf.ch\/index.php\/2026\/03\/01\/abstimmungen-3-maerz-2024-2\/\">Abstimmungen 8. April 2026<\/a><\/h2>\n\t\t\t\n\t\t\t\n\t\t\t        <div class=\"entry-content\">\n\n        \n            <p>Unsere Parolen zu den Abstimmungen vom 8. M\u00e4rz 2026 auf allen Ebenen.<\/p>\n\n                \n            \n        <\/div><!-- \/.entry-content -->\n        \n\t\t<\/div>\n\t\t<!-- \/.post-content-inner -->\n\t<\/div>\n\t<!-- \/.post-content -->\n\t\n<\/article>\n<!-- \/.post -->\n<article id=\"post-458\" class=\"post tf_clearfix post-458 type-post status-publish format-standard has-post-thumbnail hentry category-wahlen tag-birmensdorf tag-ersatzwahl tag-gemeinderat has-post-title has-post-date has-post-category has-post-tag has-post-comment has-post-author \">\n\t    \n\t                <figure class=\"post-image tf_clearfix\">\n                                                            <a href=\"https:\/\/svp-birmensdorf.ch\/index.php\/2026\/01\/24\/erneuerungswahlen-vom-8-maerz-2026\/\">\n                                        <img loading=\"lazy\" decoding=\"async\" width=\"629\" height=\"640\" src=\"https:\/\/svp-birmensdorf.ch\/wp-content\/uploads\/2024\/01\/general_vote.png\" class=\"wp-post-image wp-image-190\" title=\"general_vote\" alt=\"general_vote\" srcset=\"https:\/\/svp-birmensdorf.ch\/wp-content\/uploads\/2024\/01\/general_vote.png 629w, https:\/\/svp-birmensdorf.ch\/wp-content\/uploads\/2024\/01\/general_vote-295x300.png 295w, https:\/\/svp-birmensdorf.ch\/wp-content\/uploads\/2024\/01\/general_vote-300x305.png 300w, https:\/\/svp-birmensdorf.ch\/wp-content\/uploads\/2024\/01\/general_vote-200x203.png 200w, https:\/\/svp-birmensdorf.ch\/wp-content\/uploads\/2024\/01\/general_vote-50x50.png 50w, https:\/\/svp-birmensdorf.ch\/wp-content\/uploads\/2024\/01\/general_vote-400x406.png 400w, https:\/\/svp-birmensdorf.ch\/wp-content\/uploads\/2024\/01\/general_vote-150x152.png 150w, https:\/\/svp-birmensdorf.ch\/wp-content\/uploads\/2024\/01\/general_vote-100x101.png 100w\" sizes=\"auto, (max-width: 629px) 100vw, 629px\" \/>                                                                    <\/a>\n                                                                <\/figure>\n                    \t<div class=\"post-content\">\n\t\t<div class=\"post-content-inner\">\n\n\t\t\t\t\t\t\t\t<div class=\"post-date-wrap post-date-inline\">\n\t\t<time class=\"post-date entry-date updated\" datetime=\"2026-01-24\">\n\t\t\t\t\t<span class=\"year\">Januar 24, 2026<\/span>\n\t\t\t\t<\/time>\n\t<\/div><!-- .post-date-wrap -->\n\t\t\t\t\n\t\t\t<h2 class=\"post-title entry-title\"><a href=\"https:\/\/svp-birmensdorf.ch\/index.php\/2026\/01\/24\/erneuerungswahlen-vom-8-maerz-2026\/\">Erneuerungswahlen vom 8. M\u00e4rz 2026<\/a><\/h2>\n\t\t\t\n\t\t\t\n\t\t\t        <div class=\"entry-content\">\n\n        \n            <p>Wahlen in Birmensdorf 2026; lernen Sie unsere Kandidaten kennen!<\/p>\n\n                \n            \n        <\/div><!-- \/.entry-content -->\n        \n\t\t<\/div>\n\t\t<!-- \/.post-content-inner -->\n\t<\/div>\n\t<!-- \/.post-content -->\n\t\n<\/article>\n<!-- \/.post -->\n    <\/div><!-- .builder-posts-wrap -->\n            <\/div>\n<!-- \/module post -->\n            <\/div>\n                        <\/div>\n        <\/div>\n        <\/div>\n<!--\/themify_builder_content-->","protected":false},"excerpt":{"rendered":"","protected":false},"author":1,"featured_media":0,"parent":0,"menu_order":0,"comment_status":"closed","ping_status":"closed","template":"","meta":{"inline_featured_image":false,"footnotes":""},"class_list":["post-113","page","type-page","status-publish","hentry","has-post-title","has-post-date","has-post-category","has-post-tag","has-post-comment","has-post-author",""],"builder_content":"<h2>Wichtiges zum EU \"Rahmenvertrag\"<br\/>Downloads mit allen Details. Es geht um die Zukunft der Schweiz.<\/h2>\n<a href=\"https:\/\/svp-birmensdorf.ch\/wp-content\/uploads\/2025\/11\/2025_1_EU-Rahmenvertrag.pdf\"> <svg> <circle r=\"calc(50% - 1.50px)\" cx=\"50%\" cy=\"50%\" stroke-width=\"3\"\/> <circle r=\"calc(50% - 1.50px)\" cx=\"50%\" cy=\"50%\" stroke=\"#03a14e\" stroke-width=\"3\" data-progress=\"100\" stroke-dasharray=\"0,10000\"\/> <\/svg> <em style=\"color:#03a14e\"><svg xmlns:xlink=\"http:\/\/www.w3.org\/1999\/xlink\" aria-hidden=\"true\"><use href=\"#tf-la-readme\" xlink:href=\"#tf-la-readme\"><\/use><\/svg><\/em> \n <\/a> <h3> <a href=\"https:\/\/svp-birmensdorf.ch\/wp-content\/uploads\/2025\/11\/2025_1_EU-Rahmenvertrag.pdf\">Wie schlimm ist der EU Monster Vertrag?<\/a> <\/h3> <p>2200 Seiten, welche die direkte Demokratie aufl\u00f6sen und Milliarden-Zahlungen nach Br\u00fcssel ausl\u00f6sen.\u00a0<\/p>\n<a href=\"https:\/\/svp-birmensdorf.ch\/wp-content\/uploads\/2025\/11\/2025_3_Nachteile-div.-Abkommen.pdf\"> <svg> <circle r=\"calc(50% - 1.50px)\" cx=\"50%\" cy=\"50%\" stroke-width=\"3\"\/> <circle r=\"calc(50% - 1.50px)\" cx=\"50%\" cy=\"50%\" stroke=\"#03a14e\" stroke-width=\"3\" data-progress=\"100\" stroke-dasharray=\"0,10000\"\/> <\/svg> <em style=\"color:#03a14e\"><svg xmlns:xlink=\"http:\/\/www.w3.org\/1999\/xlink\" aria-hidden=\"true\"><use href=\"#tf-la-readme\" xlink:href=\"#tf-la-readme\"><\/use><\/svg><\/em> \n <\/a> <h3> <a href=\"https:\/\/svp-birmensdorf.ch\/wp-content\/uploads\/2025\/11\/2025_3_Nachteile-div.-Abkommen.pdf\">Die Vertr\u00e4ge und Ihre gravierenden Nachteile<\/a> <\/h3> <p>Was die Regulierungswut der EU konkret bedeutet in allen Bereichen.<\/p>\n<a href=\"https:\/\/svp-birmensdorf.ch\/wp-content\/uploads\/2025\/11\/2025_2_Auswirk.bei-Uebernahme-EU-Richtlinien-fuer-die-Schweiz.pdf\"> <svg> <circle r=\"calc(50% - 1.50px)\" cx=\"50%\" cy=\"50%\" stroke-width=\"3\"\/> <circle r=\"calc(50% - 1.50px)\" cx=\"50%\" cy=\"50%\" stroke=\"#03a14e\" stroke-width=\"3\" data-progress=\"100\" stroke-dasharray=\"0,10000\"\/> <\/svg> <em style=\"color:#03a14e\"><svg xmlns:xlink=\"http:\/\/www.w3.org\/1999\/xlink\" aria-hidden=\"true\"><use href=\"#tf-la-readme\" xlink:href=\"#tf-la-readme\"><\/use><\/svg><\/em> \n <\/a> <h3> <a href=\"https:\/\/svp-birmensdorf.ch\/wp-content\/uploads\/2025\/11\/2025_2_Auswirk.bei-Uebernahme-EU-Richtlinien-fuer-die-Schweiz.pdf\">Institutionelle Elemente im Paket<\/a> <\/h3> <p>Auswirkungen und Gefahren f\u00fcr die schweizerische Verfassungsordnung<\/p>\n<h2>Termine<br\/><\/h2>\n<h2>News<br\/><\/h2>","_links":{"self":[{"href":"https:\/\/svp-birmensdorf.ch\/index.php\/wp-json\/wp\/v2\/pages\/113","targetHints":{"allow":["GET"]}}],"collection":[{"href":"https:\/\/svp-birmensdorf.ch\/index.php\/wp-json\/wp\/v2\/pages"}],"about":[{"href":"https:\/\/svp-birmensdorf.ch\/index.php\/wp-json\/wp\/v2\/types\/page"}],"author":[{"embeddable":true,"href":"https:\/\/svp-birmensdorf.ch\/index.php\/wp-json\/wp\/v2\/users\/1"}],"replies":[{"embeddable":true,"href":"https:\/\/svp-birmensdorf.ch\/index.php\/wp-json\/wp\/v2\/comments?post=113"}],"version-history":[{"count":50,"href":"https:\/\/svp-birmensdorf.ch\/index.php\/wp-json\/wp\/v2\/pages\/113\/revisions"}],"predecessor-version":[{"id":445,"href":"https:\/\/svp-birmensdorf.ch\/index.php\/wp-json\/wp\/v2\/pages\/113\/revisions\/445"}],"wp:attachment":[{"href":"https:\/\/svp-birmensdorf.ch\/index.php\/wp-json\/wp\/v2\/media?parent=113"}],"curies":[{"name":"wp","href":"https:\/\/api.w.org\/{rel}","templated":true}]}}